{"id":3720,"date":"2025-10-10T07:35:15","date_gmt":"2025-10-10T05:35:15","guid":{"rendered":"https:\/\/monnaiesaude.fr\/?post_type=al_product&#038;p=3720"},"modified":"2025-10-19T10:46:00","modified_gmt":"2025-10-19T08:46:00","slug":"medaille-de-joseph-delteil","status":"publish","type":"al_product","link":"https:\/\/monnaiesaude.fr\/index.php\/produits\/medaille-de-joseph-delteil\/","title":{"rendered":"M\u00e9daille  de Joseph Delteil"},"content":{"rendered":"\n<h2 class=\"wp-block-heading\">Bronze &#8211; 68 mm &#8211; sign\u00e9e Van Den Noogaete<\/h2>\n\n\n\n<div class=\"wp-block-columns is-layout-flex wp-container-core-columns-is-layout-9d6595d7 wp-block-columns-is-layout-flex\">\n<div class=\"wp-block-column is-layout-flow wp-block-column-is-layout-flow\"><div class=\"wp-block-image\">\n<figure class=\"aligncenter size-full is-resized\"><img loading=\"lazy\" decoding=\"async\" width=\"221\" height=\"221\" src=\"https:\/\/monnaiesaude.fr\/wp-content\/uploads\/2025\/10\/image-1575.png\" alt=\"\" class=\"wp-image-3722\" style=\"width:323px;height:auto\" srcset=\"https:\/\/monnaiesaude.fr\/wp-content\/uploads\/2025\/10\/image-1575.png 221w, https:\/\/monnaiesaude.fr\/wp-content\/uploads\/2025\/10\/image-1575-150x150.png 150w, https:\/\/monnaiesaude.fr\/wp-content\/uploads\/2025\/10\/image-1575-160x160.png 160w\" sizes=\"auto, (max-width: 221px) 100vw, 221px\" \/><\/figure>\n<\/div><\/div>\n<\/div>\n\n\n\n<p>Joseph Delteil est n\u00e9 dans la ferme de La Pradeille, d\u2019un p\u00e8re b\u00fbcheron-charbonnier et d\u2019une m\u00e8re \u00ab&nbsp;buissonni\u00e8re&nbsp;\u00bb. Joseph Delteil vit les quatre premi\u00e8res ann\u00e9es de son enfance \u00e0 la Borie (construction de pierres s\u00e8ches) de Guillamau, \u00e0 30 kilom\u00e8tres au sud de Carcassonne, dans le Val de Dagne. Il demeure ensuite \u00e0 Pieusse jusqu\u2019\u00e0 son certificat d\u2019\u00e9tude (1907), puis il int\u00e8gre l\u2019\u00e9cole Saint-Louis \u00e0 Limoux. Il est ensuite \u00e9l\u00e8ve au coll\u00e8ge Saint-Stanislas (petit s\u00e9minaire) de Carcassonne.<\/p>\n\n\n\n<p>La parution, en 1922, de son premier roman <em>Sur le fleuve Amour<\/em> attire l&#8217;attention de Louis Aragon et d\u2019Andr\u00e9 Breton<sup>[]<\/sup>. Delteil collabore \u00e0 la revue <em>Litt\u00e9rature<\/em> et participe \u00e0 la r\u00e9daction du pamphlet \u00ab&nbsp;<em>Un cadavre<\/em>&nbsp;\u00bb \u00e9crit en r\u00e9action aux fun\u00e9railles nationales faites \u00e0 Anatole France (octobre 1924). Breton le cite dans son \u00ab&nbsp;<em>Manifeste du surr\u00e9alisme<\/em>&nbsp;\u00bb comme l&#8217;un de ceux qui ont fait \u00ab&nbsp;acte de surr\u00e9alisme absolu&nbsp;\u00bb<\/p>\n\n\n\n<p>La publication, en 1925, de <em>Jeanne d&#8217;Arc<\/em>, ouvrage r\u00e9compens\u00e9 par le Prix Femina, suscite le rejet des surr\u00e9alistes et de Breton en particulier, malgr\u00e9 le scandale d\u00e9clench\u00e9 par ailleurs en raison de la vision anticonformiste de la Pucelle d&#8217;Orl\u00e9ans. Cette \u0153uvre est, pour Breton, une \u00ab&nbsp;vaste saloperie&nbsp;\u00bb. Delteil participe au premier num\u00e9ro de <em>La R\u00e9volution surr\u00e9aliste<\/em>, mais apr\u00e8s un entretien dans lequel il d\u00e9clara qu&#8217;il ne r\u00eavait jamais, il re\u00e7ut de Breton une lettre de rupture.<\/p>\n\n\n\n<p>En 1931, il tombe gravement malade et quitte la litt\u00e9rature et la vie parisienne pour le sud de la France. En 1937, il s&#8217;installe \u00e0 la Tuilerie de Massane (\u00e0 Grabels pr\u00e8s de Montpellier) o\u00f9 il m\u00e8ne jusqu&#8217;\u00e0 sa mort une vie de paysan-\u00e9crivain, en compagnie de sa femme, Caroline Dudley, qui fut la cr\u00e9atrice de la <em>Revue n\u00e8gre<\/em>.<\/p>\n\n\n\n<p>Dans sa retraite occitane, il entretient de solides amiti\u00e9s avec les \u00e9crivains (Henry Miller), les po\u00e8tes (Fr\u00e9d\u00e9ric Jacques Temple,&#8230;), les chanteurs (Charles Trenet, Georges Brassens), les peintres (Pierre Soulages), les com\u00e9diens (Jean-Claude Drouot,&#8230;). En publiant, en 1968, <em>La Deltheillerie<\/em>, il retrouve un peu de la notori\u00e9t\u00e9 des ann\u00e9es 1920, soutenu par des personnalit\u00e9s comme Jacques Chancel, Jean-Louis Bory, Michel Polac, Jean-Marie Drot.<\/p>\n\n\n\n<p>Il est enterr\u00e9, ainsi que sa femme Caroline, au cimeti\u00e8re de Pieusse<\/p>\n","protected":false},"excerpt":{"rendered":"<p>Bronze &#8211; 68 mm &#8211; sign\u00e9e Van Den Noogaete Joseph Delteil est n\u00e9 dans la ferme de La Pradeille, d\u2019un p\u00e8re b\u00fbcheron-charbonnier et d\u2019une m\u00e8re \u00ab&nbsp;buissonni\u00e8re&nbsp;\u00bb. Joseph Delteil vit les quatre premi\u00e8res ann\u00e9es de son enfance \u00e0 la Borie (construction &hellip; <a href=\"https:\/\/monnaiesaude.fr\/index.php\/produits\/medaille-de-joseph-delteil\/\">Continue reading <span class=\"meta-nav\">&rarr;<\/span><\/a><\/p>\n","protected":false},"featured_media":3721,"template":"","meta":[],"al_product-cat":[18,63,51],"class_list":["post-3720","al_product","type-al_product","status-publish","has-post-thumbnail","hentry","al_product-cat-medaille","al_product-cat-monnaie-de-paris","al_product-cat-visages-audois"],"_links":{"self":[{"href":"https:\/\/monnaiesaude.fr\/index.php\/wp-json\/wp\/v2\/al_product\/3720","targetHints":{"allow":["GET"]}}],"collection":[{"href":"https:\/\/monnaiesaude.fr\/index.php\/wp-json\/wp\/v2\/al_product"}],"about":[{"href":"https:\/\/monnaiesaude.fr\/index.php\/wp-json\/wp\/v2\/types\/al_product"}],"wp:featuredmedia":[{"embeddable":true,"href":"https:\/\/monnaiesaude.fr\/index.php\/wp-json\/wp\/v2\/media\/3721"}],"wp:attachment":[{"href":"https:\/\/monnaiesaude.fr\/index.php\/wp-json\/wp\/v2\/media?parent=3720"}],"wp:term":[{"taxonomy":"al_product-cat","embeddable":true,"href":"https:\/\/monnaiesaude.fr\/index.php\/wp-json\/wp\/v2\/al_product-cat?post=3720"}],"curies":[{"name":"wp","href":"https:\/\/api.w.org\/{rel}","templated":true}]}}